{"id":285,"date":"2018-06-14T22:10:28","date_gmt":"2018-06-14T20:10:28","guid":{"rendered":"http:\/\/gabinetpaja.pl\/?page_id=285"},"modified":"2019-04-24T22:47:10","modified_gmt":"2019-04-24T20:47:10","slug":"terapie","status":"publish","type":"page","link":"https:\/\/gabinetpaja.pl\/?page_id=285","title":{"rendered":"Terapie"},"content":{"rendered":"<p>[vc_row][vc_column][vc_tta_tabs style=&#8221;modern&#8221; shape=&#8221;square&#8221; color=&#8221;sky&#8221; spacing=&#8221;2&#8243; alignment=&#8221;center&#8221; active_section=&#8221;1&#8243; css_animation=&#8221;slideInUp&#8221;][vc_tta_section title=&#8221;Integracja Sensoryczna&#8221; tab_id=&#8221;1529106859745-06189253-c3a4&#8243;][vc_column_text]<\/p>\n<p style=\"text-align: left;\">Integracja sensoryczna to spos\u00f3b przetwarzania wra\u017ce\u0144 zmys\u0142owych dokonywany przez m\u00f3zg. W tym procesie informacje p\u0142yn\u0105ce ze wszystkich zmys\u0142\u00f3w s\u0105 przez m\u00f3zg segregowane, rozpoznawane, interpretowane \u0142\u0105czone ze sob\u0105 z wcze\u015bniejszymi do\u015bwiadczeniami. W\u0142a\u015bciwa integracja sensoryczna jest podstaw\u0105 prawid\u0142owego rozwoju dziecka i to od niej s\u0105 zale\u017cne takie procesy jak: koordynacja ruchowa, praksja, percepcja wzrokowa i s\u0142uchowa czy mowa. Nasze uk\u0142ady zmys\u0142owe wsp\u00f3\u0142dzia\u0142aj\u0105 ze sob\u0105, wp\u0142ywaj\u0105c na siebie i pomagaj\u0105c sobie wzajemnie w wykonywaniu zada\u0144 zwi\u0105zanych z naszym codziennym funkcjonowaniem. <strong>Zar\u00f3wno niewielkie jak i powa\u017cne deficyty w jednym lub wi\u0119cej z percepcyjnych uk\u0142ad\u00f3w zmys\u0142owych mog\u0105 wp\u0142ywa\u0107 dezorganizuj\u0105co na nauk\u0119 szkoln\u0105, umiej\u0119tno\u015b\u0107 zabawy, zdolno\u015bci ruchowe czy mow\u0119.<\/strong><\/p>\n<p style=\"text-align: left;\">Wskazania do terapii:<\/p>\n<ul>\n<li style=\"text-align: left;\">nadwra\u017cliwo\u015b\u0107 na dotyk, ruch, bod\u017ace wzrokowe i s\u0142uchowe<\/li>\n<li style=\"text-align: left;\">zbyt ma\u0142a wra\u017cliwo\u015b\u0107 na dotyk, ruch, bod\u017ace wzrokowe i s\u0142uchowe<\/li>\n<li style=\"text-align: left;\">zbyt wysoki lub zbyt niski poziom aktywno\u015bci<\/li>\n<li style=\"text-align: left;\">problemy z koordynacj\u0105<\/li>\n<li style=\"text-align: left;\">trudno\u015bci z koncentracj\u0105, impulsywno\u015b\u0107<\/li>\n<li style=\"text-align: left;\">op\u00f3\u017anienia w rozwoju mowy lub zdolno\u015bci j\u0119zykowych<\/li>\n<li style=\"text-align: left;\">op\u00f3\u017anienia w rozwoju zdolno\u015bci ruchowych (ma\u0142a i du\u017ca motoryka<\/li>\n<li style=\"text-align: left;\">problemy z nauk\u0105<\/li>\n<li style=\"text-align: left;\">niskie poczucie w\u0142asnej warto\u015bci.<\/li>\n<li style=\"text-align: left;\">k\u0142opoty z dobr\u0105 organizacj\u0105<\/li>\n<li style=\"text-align: left;\">k\u0142opoty z zachowaniem<\/li>\n<li style=\"text-align: left;\">autyzm<\/li>\n<li style=\"text-align: left;\">ADHD<\/li>\n<li style=\"text-align: left;\">Zesp\u00f3\u0142 Downa<\/li>\n<li style=\"text-align: left;\">pora\u017cenie m\u00f3zgowe<\/li>\n<li style=\"text-align: left;\">niemowl\u0119ta z grupy ryzyka<\/li>\n<\/ul>\n<p style=\"text-align: left;\">[\/vc_column_text][\/vc_tta_section][vc_tta_section title=&#8221;MiniQEEG&#8221; tab_id=&#8221;1555543404616-d38ec7d8-a013&#8243;][vc_column_text]Mini-QEEG to nieinwazyjna metoda diagnostyczna dostarczaj\u0105ca wielu cennych informacji potrzebnych do planowania terapii EEG \u2013 Biofeedback. Badanie mini QEEG umo\u017cliwia zaobserwowanie asymetrii amplitudowej w dowolnym pa\u015bmie cz\u0119stotliwo\u015bci mi\u0119dzy lew\u0105 i praw\u0105 p\u00f3\u0142kul\u0105, a tak\u017ce dysharmonie w funkcjonowaniu obu p\u00f3\u0142kul. Badanie miniQEEG jest przydatne przy planowaniu treningu EEG \u2013 Biofeedback. Wskazuje, w kt\u00f3rych punktach nale\u017cy wzmacnia\u0107 lub hamowa\u0107 dane pasma cz\u0119stotliwo\u015bci.<\/p>\n<p>&nbsp;<\/p>\n<p>Przed badaniem\u00a0 Mini QEEG zalecane jest:<\/p>\n<ul>\n<li style=\"text-align: left;\">zadbanie, aby pacjent by\u0142 wypocz\u0119ty i wyspany<\/li>\n<li style=\"text-align: left;\">zjedzenie lekkiego posi\u0142ku<\/li>\n<li style=\"text-align: left;\"><span style=\"display: inline !important; float: none; background-color: transparent; color: #666666; cursor: text; font-family: 'Source Sans Pro',sans-serif; font-size: 18px; font-style: normal; font-variant: normal; font-weight: 300; letter-spacing: normal; orphans: 2; text-align: center; text-decoration: none; text-indent: 0px; text-transform: none; -webkit-text-stroke-width: 0px; white-space: normal; word-spacing: 0px; zoom: 1;\">nie przyjmowanie lek\u00f3w stymuluj\u0105cych o\u015brodkowy uk\u0142ad nerwowy, na 24 godzinny przed badaniem<\/span><\/li>\n<li style=\"text-align: left;\"><span style=\"display: inline !important; float: none; background-color: transparent; color: #666666; cursor: text; font-family: 'Source Sans Pro',sans-serif; font-size: 18px; font-style: normal; font-variant: normal; font-weight: 300; letter-spacing: normal; orphans: 2; text-align: center; text-decoration: none; text-indent: 0px; text-transform: none; -webkit-text-stroke-width: 0px; white-space: normal; word-spacing: 0px; zoom: 1;\">nie spo\u017cywanie alkoholu, napoj\u00f3w zawieraj\u0105cych kofein\u0119 oraz wszelkich innych \u015brodk\u00f3w psychoaktywnych <\/span>na 24 godzinny przed badaniem<\/li>\n<li style=\"text-align: left;\">umycie w\u0142os\u00f3w i nie stosowanie w dniu badania produkt\u00f3w tj. lakiery, \u017cele do stylizacji w\u0142os\u00f3w<\/li>\n<\/ul>\n<p style=\"text-align: left;\"><span style=\"display: inline !important; float: none; background-color: transparent; color: #666666; cursor: text; font-family: 'Source Sans Pro',sans-serif; font-size: 18px; font-style: normal; font-variant: normal; font-weight: 300; letter-spacing: normal; orphans: 2; text-align: center; text-decoration: none; text-indent: 0px; text-transform: none; -webkit-text-stroke-width: 0px; white-space: normal; word-spacing: 0px; zoom: 1;\"><br \/>\nUWAGA! <\/span>nie nale\u017cy odstawia\u0107 lek\u00f3w przyjmowanych z przepisu lekarza<\/p>\n<p>[\/vc_column_text][\/vc_tta_section][vc_tta_section title=&#8221;Biofeedback&#8221; tab_id=&#8221;1529106867307-c5a2a847-4e52&#8243;][vc_column_text]<\/p>\n<p style=\"text-align: left;\">Terapia Biofeedback jest to metoda bazuj\u0105ca na biologicznym sprz\u0119\u017ceniu zwrotnym. Podczas trening\u00f3w EEG Biofeedback dostajemy informacj\u0119 o tym, jak w danej chwili pracuje nasz m\u00f3zg, co obserwujemy jako zmian\u0119 w grze, filmie lub animacji na ekranie monitora. Dzi\u0119ki temu mo\u017cemy wp\u0142ywa\u0107 na jego prac\u0119. Uzyskanie zapisu pracy m\u00f3zgu umo\u017cliwiaj\u0105 umieszczone na g\u0142owie elektrody. Sygna\u0142, kt\u00f3ry odbieraj\u0105, jest przetwarzany na zapis poszczeg\u00f3lnych fal m\u00f3zgowych. Dzi\u0119ki odpowiednim ustawieniom program komputerowy reaguje. W ten spos\u00f3b zmniejszamy ilo\u015b\u0107 fal, kt\u00f3rych jest za du\u017co, a zwi\u0119kszamy tych, kt\u00f3rych jest za ma\u0142o.<\/p>\n<p style=\"text-align: left;\">Wskazania do terapii:<\/p>\n<ul>\n<li style=\"text-align: left;\">ADHD i ADD<\/li>\n<li style=\"text-align: left;\">specyficzne trudno\u015bciami w nauce (dysleksja, dysgrafia, dyskalkulia)<\/li>\n<li style=\"text-align: left;\">problemy z koncentracj\u0105 uwagi<\/li>\n<li style=\"text-align: left;\">nadmierna agresja<\/li>\n<li style=\"text-align: left;\">zaburzenia mowy (np. problem j\u0105kania)<\/li>\n<li style=\"text-align: left;\">trema i nadwra\u017cliwo\u015b\u0107<\/li>\n<li style=\"text-align: left;\">zaburzenia rozwoju psychomotorycznego<\/li>\n<li style=\"text-align: left;\">zaburzenia nastroju<\/li>\n<li style=\"text-align: left;\">zaburzenia snu<\/li>\n<li style=\"text-align: left;\">urazy g\u0142owy<\/li>\n<li style=\"text-align: left;\">stany paniki i l\u0119ku<\/li>\n<li style=\"text-align: left;\">udary m\u00f3zgu<\/li>\n<\/ul>\n<p style=\"text-align: left;\"><strong>Terapia EEG-Biofeedback jest tak\u017ce pomocna\u00a0dla os\u00f3b zdrowych. Dzi\u0119ki niej jeste\u015bmy w stanie szybciej i lepiej przyswaja\u0107 nowe informacje, w tym tak\u017ce efektywniej uczy\u0107 si\u0119 j\u0119zyk\u00f3w obcych.<\/strong><br \/>\nJu\u017c po 15-20 treningach mo\u017cna odczu\u0107:<\/p>\n<ul>\n<li style=\"text-align: left;\">popraw\u0119 koncentracji i funkcji poznawczych<\/li>\n<li style=\"text-align: left;\">wzrost kreatywno\u015bci<\/li>\n<li style=\"text-align: left;\">lepsz\u0105 pami\u0119\u0107<\/li>\n<li style=\"text-align: left;\">wyciszenie i zwi\u0119kszone mo\u017cliwo\u015bci radzenia sobie ze stresem<\/li>\n<li style=\"text-align: left;\">popraw\u0119 nastroju i samooceny<\/li>\n<li style=\"text-align: left;\">skr\u00f3cenie czasu reakcji (wa\u017cne dla sportowc\u00f3w, kierowc\u00f3w, pilot\u00f3w<br \/>\nlepsz\u0105 organizacj\u0119 i sprawniejsze podejmowanie decyzji<\/li>\n<\/ul>\n<p>[\/vc_column_text][\/vc_tta_section][vc_tta_section title=&#8221;Integracji Odruch\u00f3w &#8221; tab_id=&#8221;1529106872180-4bd51426-9547&#8243;][vc_column_text]<\/p>\n<p style=\"text-align: left;\">Terapia Integracji Odruch\u00f3w ma na celu zintegrowanie przetrwa\u0142ych odruch\u00f3w niemowl\u0119cych. Polega ona na wykonywaniu przez dziecko we wsp\u00f3\u0142pracy z terapeut\u0105 odpowiednich \u0107wicze\u0144 ruchowych, uruchamiaj\u0105cych okre\u015blone partie mi\u0119\u015bni, \u0107wiczeniach izometrycznych oraz masa\u017cu. <strong>Istot\u0105 terapii jest stymulacja odpowiednich partii m\u00f3zgu poprzez masa\u017c i prac\u0119 mi\u0119\u015bni, dla uruchomienia mechanizm\u00f3w integracji.<\/strong> Odruchy niemowl\u0119ce to zestaw okre\u015blonych, nie\u015bwiadomych ruch\u00f3w i reakcji organizmu, kt\u00f3re pojawiaj\u0105 si\u0119 na kolejnych etapach rozwojowych ka\u017cdego zdrowego dziecka.<br \/>\nOdruchy te s\u0105 niezb\u0119dne dla przetrwania (np. reakcja na zagro\u017cenie, odruch ssania). Pojawiaj\u0105 si\u0119 one ju\u017c na pocz\u0105tku \u017cycia p\u0142odowego i powinny zintegrowa\u0107 si\u0119 z ca\u0142ym systemem neuroruchowym organizmu w toku rozwoju uk\u0142adu nerwowego.<br \/>\nJe\u015bli odruchy nie zostan\u0105 prawid\u0142owo zintegrowane z systemem nerwowym, staj\u0105 si\u0119 przyczyn\u0105 zaburze\u0144 os\u0142abiaj\u0105 strukturalnie o\u015brodkowy system nerwowy, co w konsekwencji prowadzi do zaburze\u0144 wy\u017cszych proces\u00f3w nerwowych, rozumianych jako szeroko poj\u0119te uczenie si\u0119.<\/p>\n<p style=\"text-align: left;\">Wskazania do terapii:<\/p>\n<ul>\n<li style=\"text-align: left;\">m\u00f3zgowe pora\u017cenie dzieci\u0119ce<\/li>\n<li style=\"text-align: left;\">autyzm<\/li>\n<li style=\"text-align: left;\">zesp\u00f3\u0142 Aspergera<\/li>\n<li style=\"text-align: left;\">zaburzenia zachowania,<\/li>\n<li style=\"text-align: left;\">l\u0119ki i\u00a0fobia<\/li>\n<li style=\"text-align: left;\">op\u00f3\u017anienie w\u00a0rozwoju umys\u0142owym,<\/li>\n<li style=\"text-align: left;\">nadpobudliwo\u015bci\u0105 w tym z ADHD<\/li>\n<li style=\"text-align: left;\">trudno\u015bci w\u00a0nauce (dysleksja, dysgrafia, dysortografia)<\/li>\n<li style=\"text-align: left;\">zaburzeniami koncentracji uwagi<\/li>\n<li style=\"text-align: left;\">zaburzenia mowy (w tym j\u0105kanie)<\/li>\n<li style=\"text-align: left;\">trudno\u015bci w uczeniu si\u0119<\/li>\n<li style=\"text-align: left;\">problemy emocjonalne i z zachowaniem<\/li>\n<li style=\"text-align: left;\">problemy sensoryczno-motoryczne<\/li>\n<li style=\"text-align: left;\">zaburzenia koordynacji<\/li>\n<li style=\"text-align: left;\">dysfunkcje ruchowe i percepcyjne<\/li>\n<li style=\"text-align: left;\">percepcji wzrokowej i s\u0142uchowej<\/li>\n<li style=\"text-align: left;\">choroba lokomocyjna, l\u0119k wysoko\u015bci<\/li>\n<\/ul>\n<p>[\/vc_column_text][\/vc_tta_section][vc_tta_section title=&#8221;Terapia Taktylna&#8221; tab_id=&#8221;1529106859745-c39e1f38-9006&#8243;][vc_column_text]<\/p>\n<p style=\"text-align: left;\">Terapia Taktylna jest metod\u0105 pracy z dzie\u0107mi z trudno\u015bciami w psychoruchowym rozwoju, wspomagaj\u0105ca rozw\u00f3j funkcji m\u00f3zgowych i uk\u0142adu nerwowego. Polega na stymulacji zmys\u0142u dotyku (rodzaj masa\u017cu) przez wykorzystanie neurologicznych zasob\u00f3w aktywno\u015bci ruchowej organizmu. Reguluje i normalizuje percepcj\u0119 dotykow\u0105, wspiera procesy integracji sensorycznej aktywizuj\u0105c mechanizmy integracji sensoryczno &#8211; motorycznej jak r\u00f3wnie\u017c r\u00f3wnowa\u017cy napi\u0119cie mi\u0119\u015bniowe i kszta\u0142tuje \u015bwiadomo\u015b\u0107 kinestetyczn\u0105.<br \/>\n<strong>G\u0142\u00f3wnym celem terapii taktylnej jest wzmocnienie lub wytworzenie \u015bwiadomo\u015bci cia\u0142a oraz stymulacja receptor\u00f3w sk\u00f3ry, poprzez stymulacj\u0119 zmys\u0142u dotyku<\/strong><\/p>\n<p style=\"text-align: left;\">Wskazania do terapii:<\/p>\n<ul>\n<li style=\"text-align: left;\">pora\u017cenia m\u00f3zgowe<\/li>\n<li style=\"text-align: left;\">zachowania agresywne<\/li>\n<li style=\"text-align: left;\">l\u0119ki i fobie<\/li>\n<li style=\"text-align: left;\">op\u00f3\u017anienia w rozwoju umys\u0142owym<\/li>\n<li style=\"text-align: left;\">nadpobudliwo\u015b\u0107 psychoruchowa<\/li>\n<li style=\"text-align: left;\">trudno\u015bci w nauce<\/li>\n<li style=\"text-align: left;\">zaburzenia mowy<\/li>\n<li style=\"text-align: left;\">spektrum autyzmu<\/li>\n<li style=\"text-align: left;\">zaburzeniami zachowania<\/li>\n<\/ul>\n<p>[\/vc_column_text][\/vc_tta_section][vc_tta_section title=&#8221;Terapia R\u0119ki &#8221; tab_id=&#8221;1529106865971-395cb55d-4dfc&#8221;][vc_column_text]<\/p>\n<p style=\"text-align: left;\">Terapia R\u0119ki ma na celu usprawnianie tzw. ma\u0142ej motoryki, czyli precyzyjnych ruch\u00f3w d\u0142oni i palc\u00f3w, jak r\u00f3wnie\u017c dostarczania wra\u017ce\u0144 dotykowych i poznawania r\u00f3\u017cnych kszta\u0142t\u00f3w, struktur materia\u0142\u00f3w oraz nabywanie umiej\u0119tno\u015bci ich rozr\u00f3\u017cniania. S\u0142u\u017cy do osi\u0105gni\u0119cia samodzielno\u015bci w podstawowych czynno\u015bciach \u017cycia codziennego.<br \/>\nWspomaga precyzyjne ruchy r\u0105k, poprawia umiej\u0119tno\u015bci chwytu, sprawno\u015b\u0107 ruchow\u0105 ca\u0142ej ko\u0144czyny g\u00f3rnej, sprawno\u015b\u0107 manipulacyjn\u0105 d\u0142oni, koordynacj\u0119 pomi\u0119dzy d\u0142o\u0144mi, uczy zdolno\u015bci skupienia uwagi i patrzenia, wzmacniania koncentracj\u0119, poprawia koordynacj\u0119 wzrokowo-ruchow\u0105.<br \/>\n<strong>Stymulacja d\u0142oni pobudza bezpo\u015brednio o\u015brodek w m\u00f3zgu odpowiedzialny za d\u0142onie, a po\u015brednio o\u015brodek ruchowy mowy. Poza tym na d\u0142oniach znajduj\u0105 si\u0119 receptory odpowiedzialne za wszystkie narz\u0105dy cia\u0142a cz\u0142owieka.<\/strong> Dlatego te\u017c ich sprawno\u015b\u0107 ma ogromne znaczenie w funkcjonowaniu ca\u0142ego organizmu.<\/p>\n<p style=\"text-align: left;\">Wskazania do terapii:<\/p>\n<ul>\n<li style=\"text-align: left;\">nie podejmowanie czynno\u015bci manualnych (malowanie, lepienie z plasteliny, uk\u0142adanie drobnych przedmiot\u00f3w)<\/li>\n<li style=\"text-align: left;\">problem z nauk\u0105 czynno\u015bci samoobs\u0142ugi codziennej (ubieranie, wi\u0105zanie sznurowade\u0142, zapinanie guzik\u00f3w itp)<\/li>\n<li style=\"text-align: left;\">obni\u017cone lub podwy\u017cszone napi\u0119cie mi\u0119\u015bniowe w obr\u0119bie ko\u0144czyny g\u00f3rnej i obr\u0119czy barkowej<\/li>\n<li style=\"text-align: left;\">problem z koordynacj\u0105 obu r\u0105k podczas czynno\u015bci manipulacyjnych,<\/li>\n<li style=\"text-align: left;\">trudno\u015bci w wykonywaniu dzia\u0142a\u0144 wymagaj\u0105cych du\u017cej precyzji (zbyt wolno lub za szybko i niedbale),<\/li>\n<li style=\"text-align: left;\">problem z dotykaniem nowych i r\u00f3\u017cnorodnych faktur,<\/li>\n<li style=\"text-align: left;\">potrzeba zdecydowanego i mocnego ucisku d\u0142oni np. siadanie na w\u0142asnych d\u0142oniach, bardzo mocne zaciskanie r\u0105k na przedmiotach, uderzanie r\u0119kami w przedmioty o ostrych i wyra\u017anych fakturach<\/li>\n<li style=\"text-align: left;\">pora\u017cenie m\u00f3zgowe<\/li>\n<\/ul>\n<p>[\/vc_column_text][\/vc_tta_section][vc_tta_section title=&#8221;Metoda Warnkego&#8221; tab_id=&#8221;1529106869018-50e43157-bb41&#8243;][vc_column_text]<\/p>\n<p style=\"text-align: left;\">Metoda Warnkego to pierwsza w Polsce metoda w ca\u0142o\u015bci opracowana dla potrzeb os\u00f3b ze specyficznymi trudno\u015bciami w czytaniu i pisaniu, czyli z dysleksj\u0105. <strong>G\u0142\u00f3wnym za\u0142o\u017ceniem metody Warnkego jest to, \u017ce przyczyn\u0105 trudno\u015bci w nauce w\u015br\u00f3d dzieci s\u0105 centralne zaburzenia przetwarzania s\u0142uchowego.<\/strong> W metodzie tej skupiamy si\u0119 przede wszystkim na przyczynach trudno\u015bci, a nie na objawach zar\u00f3wno w procesie diagnozy, jak i terapii. \u0106wicz\u0105c poszczeg\u00f3lne funkcje na poziomie bazowym, uzyskuje si\u0119 popraw\u0119 na poziomie umiej\u0119tno\u015bci czytania i pisania. Wspomaga r\u00f3wnie\u017c terapi\u0119 logopedyczn\u0105. Wykorzystanie wysokiej klasy sprz\u0119tu medycznego oraz bogatej bazy pomocy diagnostyczno \u2013 terapeutycznych umo\u017cliwia osi\u0105gni\u0119cie widocznych efekt\u00f3w w bardzo kr\u00f3tkim czasie. Trening jest atrakcyjny zar\u00f3wno dla dzieci jak i dla doros\u0142ych.<\/p>\n<p style=\"text-align: left;\">Metoda opracowana przez Freda Warnkego wspomaga prawid\u0142owy rozw\u00f3j proces\u00f3w poznawczych, dostarcza efektywnych sposob\u00f3w uczenia si\u0119, wyr\u00f3wnuje deficyty w zakresie centralnego przetwarzania informacji, poprawia funkcjonowanie w zakresie w\u0142asnej motoryki i r\u00f3wnowagi.<br \/>\nEfekty trening\u00f3w s\u0105 widoczne w stosunkowo kr\u00f3tkim czasie.<\/p>\n<p>[\/vc_column_text][\/vc_tta_section][\/vc_tta_tabs][\/vc_column][\/vc_row]<\/p>\n","protected":false},"excerpt":{"rendered":"<p>[vc_row][vc_column][vc_tta_tabs style=&#8221;modern&#8221; shape=&#8221;square&#8221; color=&#8221;sky&#8221; spacing=&#8221;2&#8243; alignment=&#8221;center&#8221; active_section=&#8221;1&#8243; css_animation=&#8221;slideInUp&#8221;][vc_tta_section title=&#8221;Integracja Sensoryczna&#8221; tab_id=&#8221;1529106859745-06189253-c3a4&#8243;][vc_column_text] Integracja sensoryczna to spos\u00f3b przetwarzania wra\u017ce\u0144 zmys\u0142owych dokonywany przez m\u00f3zg. W tym procesie informacje p\u0142yn\u0105ce ze wszystkich zmys\u0142\u00f3w s\u0105 przez m\u00f3zg segregowane, rozpoznawane, interpretowane \u0142\u0105czone ze sob\u0105 z wcze\u015bniejszymi do\u015bwiadczeniami. W\u0142a\u015bciwa integracja sensoryczna jest podstaw\u0105 prawid\u0142owego rozwoju dziecka i to od niej s\u0105 zale\u017cne&hellip; <br \/> <a class=\"button small blue\" href=\"https:\/\/gabinetpaja.pl\/?page_id=285\">Read more<\/a><\/p>\n","protected":false},"author":3,"featured_media":0,"parent":0,"menu_order":0,"comment_status":"closed","ping_status":"closed","template":"","meta":{"footnotes":""},"class_list":["post-285","page","type-page","status-publish","hentry"],"_links":{"self":[{"href":"https:\/\/gabinetpaja.pl\/index.php?rest_route=\/wp\/v2\/pages\/285"}],"collection":[{"href":"https:\/\/gabinetpaja.pl\/index.php?rest_route=\/wp\/v2\/pages"}],"about":[{"href":"https:\/\/gabinetpaja.pl\/index.php?rest_route=\/wp\/v2\/types\/page"}],"author":[{"embeddable":true,"href":"https:\/\/gabinetpaja.pl\/index.php?rest_route=\/wp\/v2\/users\/3"}],"replies":[{"embeddable":true,"href":"https:\/\/gabinetpaja.pl\/index.php?rest_route=%2Fwp%2Fv2%2Fcomments&post=285"}],"version-history":[{"count":13,"href":"https:\/\/gabinetpaja.pl\/index.php?rest_route=\/wp\/v2\/pages\/285\/revisions"}],"predecessor-version":[{"id":531,"href":"https:\/\/gabinetpaja.pl\/index.php?rest_route=\/wp\/v2\/pages\/285\/revisions\/531"}],"wp:attachment":[{"href":"https:\/\/gabinetpaja.pl\/index.php?rest_route=%2Fwp%2Fv2%2Fmedia&parent=285"}],"curies":[{"name":"wp","href":"https:\/\/api.w.org\/{rel}","templated":true}]}}